{"id":107,"date":"2019-10-24T22:55:46","date_gmt":"2019-10-24T20:55:46","guid":{"rendered":"https:\/\/val31.fr\/siteClub\/?page_id=107"},"modified":"2024-01-10T17:54:55","modified_gmt":"2024-01-10T16:54:55","slug":"nos-sections","status":"publish","type":"page","link":"https:\/\/val31.fr\/index.php\/nos-sections\/","title":{"rendered":"Le club"},"content":{"rendered":"\n<div class=\"wp-block-columns has-2-columns\">\n<div class=\"wp-block-column\">\n<h1 class=\"has-text-align-left\">Le bureau 2023\/2024<\/h1>\n\n\n\n<p>Pr\u00e9sident : <strong><span style=\"text-decoration: underline;\">Roger MILLA<\/span><\/strong><\/p>\n\n\n\n<p>Tr\u00e9sorier : <strong><span style=\"text-decoration: underline;\">Bertrand MOREAU<\/span><\/strong><\/p>\n\n\n\n<p class=\"has-text-align-left\">Secr\u00e9taire : <strong><span style=\"text-decoration: underline;\">Yoan CAUBEL<\/span><\/strong><\/p>\n\n\n\n<p class=\"has-text-align-left has-small-font-size\"><\/p>\n<\/div>\n\n\n\n<div class=\"wp-block-column\">\n<h2>Club Affili\u00e9 <a rel=\"noreferrer noopener\" aria-label=\" (s\u2019ouvre dans un nouvel onglet)\" href=\"https:\/\/bases.athle.fr\/asp.net\/contacts.aspx?base=contacts&amp;id=465351484356475246534455&amp;type=S\" target=\"_blank\">FFA <\/a> <\/h2>\n\n\n\n<p>N\u00b0 W313021875<\/p>\n\n\n\n<h1>Pour nous joindre<\/h1>\n\n\n\n<p><img loading=\"lazy\" width=\"16\" height=\"16\" scale=\"0\" class=\"wp-image-518\" style=\"width: 16px;\" src=\"https:\/\/val31.fr\/wp-content\/uploads\/2019\/11\/emailmailmessageicon-1320165735409732920_16.ico\" alt=\"\"> <a href=\"mailto:contact@val31.fr\">contact@val31.fr<\/a><\/p>\n\n\n\n<p><img loading=\"lazy\" width=\"16\" height=\"16\" scale=\"0\" class=\"wp-image-520\" style=\"width: 16px;\" src=\"https:\/\/val31.fr\/wp-content\/uploads\/2019\/11\/mail-131964743690110223_16.ico\" alt=\"\"> VAL31, 2 route de Toulouse, 31290 Villefranche de Lauragais <\/p>\n\n\n\n<p><img loading=\"lazy\" width=\"16\" height=\"16\" class=\"wp-image-519\" style=\"width: 16px;\" src=\"https:\/\/val31.fr\/wp-content\/uploads\/2019\/11\/colorfacebookicon-1320168272811213233_16.ico\" alt=\"\"> <a href=\"https:\/\/www.facebook.com\/Val31-104274365744855\/\" target=\"_blank\" rel=\"noreferrer noopener\">https:\/\/www.facebook.com\/val31.fr\/<\/a><\/p>\n\n\n\n<p> <\/p>\n<\/div>\n<\/div>\n\n\n\n<hr class=\"wp-block-separator is-style-wide\"\/>\n\n\n\n<h2 class=\"has-text-align-left\">Nos 2 sections :<\/h2>\n\n\n\n<div class=\"wp-block-columns has-3-columns\">\n<div class=\"wp-block-column\">\n<div class=\"wp-block-image cadre\"><figure class=\"aligncenter is-resized\"><a href=\"https:\/\/val31.fr\/index.php\/nos-sections\/section-adultes\/\"><img loading=\"lazy\" src=\"https:\/\/val31.fr\/wp-content\/uploads\/2019\/11\/VAL31_logo_section_adultes.png\" alt=\"\" class=\"wp-image-280\" width=\"128\" height=\"128\"\/><\/a><\/figure><\/div>\n<\/div>\n\n\n\n<div class=\"wp-block-column\">\n<div class=\"wp-block-image cadre\"><figure class=\"aligncenter is-resized\"><a href=\"https:\/\/val31.fr\/index.php\/nos-sections\/ecole-d-athletisme\/\"><img loading=\"lazy\" src=\"https:\/\/val31.fr\/wp-content\/uploads\/2019\/11\/VAL31_logo_section_jeunes.png\" alt=\"\" class=\"wp-image-280\" width=\"128\" height=\"128\"\/><\/a><\/figure><\/div>\n<\/div>\n<\/div>\n\n\n\n<p><\/p>\n","protected":false},"excerpt":{"rendered":"<p>Le bureau 2023\/2024 Pr\u00e9sident : Roger MILLA Tr\u00e9sorier : Bertrand MOREAU Secr\u00e9taire : Yoan CAUBEL Club Affili\u00e9 FFA N\u00b0 W313021875 Pour nous joindre contact@val31.fr VAL31, 2 route de Toulouse, 31290 Villefranche de Lauragais https:\/\/www.facebook.com\/val31.fr\/ Nos 2 sections :<\/p>\n","protected":false},"author":1,"featured_media":0,"parent":0,"menu_order":0,"comment_status":"closed","ping_status":"closed","template":"","meta":{"spay_email":""},"_links":{"self":[{"href":"https:\/\/val31.fr\/index.php\/wp-json\/wp\/v2\/pages\/107"}],"collection":[{"href":"https:\/\/val31.fr\/index.php\/wp-json\/wp\/v2\/pages"}],"about":[{"href":"https:\/\/val31.fr\/index.php\/wp-json\/wp\/v2\/types\/page"}],"author":[{"embeddable":true,"href":"https:\/\/val31.fr\/index.php\/wp-json\/wp\/v2\/users\/1"}],"replies":[{"embeddable":true,"href":"https:\/\/val31.fr\/index.php\/wp-json\/wp\/v2\/comments?post=107"}],"version-history":[{"count":79,"href":"https:\/\/val31.fr\/index.php\/wp-json\/wp\/v2\/pages\/107\/revisions"}],"predecessor-version":[{"id":1843,"href":"https:\/\/val31.fr\/index.php\/wp-json\/wp\/v2\/pages\/107\/revisions\/1843"}],"wp:attachment":[{"href":"https:\/\/val31.fr\/index.php\/wp-json\/wp\/v2\/media?parent=107"}],"curies":[{"name":"wp","href":"https:\/\/api.w.org\/{rel}","templated":true}]}}